{"id":993,"date":"2025-02-11T11:22:07","date_gmt":"2025-02-11T11:22:07","guid":{"rendered":"https:\/\/www.trabzonbrickulubu.com.tr\/?page_id=993"},"modified":"2025-02-11T11:22:07","modified_gmt":"2025-02-11T11:22:07","slug":"tarihcemiz","status":"publish","type":"page","link":"https:\/\/www.trabzonbrickulubu.com.tr\/?page_id=993","title":{"rendered":"Tarih\u00e7emiz"},"content":{"rendered":"<p><img loading=\"lazy\" decoding=\"async\" class=\"alignnone wp-image-994 size-full\" src=\"https:\/\/www.trabzonbrickulubu.com.tr\/wp-content\/uploads\/2025\/02\/header1.jpg\" alt=\"\" width=\"616\" height=\"89\" srcset=\"https:\/\/www.trabzonbrickulubu.com.tr\/wp-content\/uploads\/2025\/02\/header1.jpg 616w, https:\/\/www.trabzonbrickulubu.com.tr\/wp-content\/uploads\/2025\/02\/header1-300x43.jpg 300w\" sizes=\"auto, (max-width: 616px) 100vw, 616px\" \/><\/p>\n<p>Trabzon Bri\u00e7 Spor Kul\u00fcb\u00fc Derne\u011fi 2005 y\u0131l\u0131nda Necmettin Soysal ba\u015fkanl\u0131\u011f\u0131nda kurulmu\u015ftur. Kurulu\u015f amac\u0131 bri\u00e7 sporunu tan\u0131tmak, yayg\u0131nla\u015ft\u0131rmak ve her ya\u015ftan oyunculara ho\u015f\u00e7a vakit ge\u00e7irebilecekleri sportif rekabete dayal\u0131 bir ortam sa\u011flamakt\u0131r.<br \/>\nKul\u00fcb\u00fcm\u00fcz 2011 y\u0131l\u0131ndan beri Karadeniz&#8217;in Kul\u00fcp binas\u0131nda faaliyetlerine devam etmi\u015f olup ; 2016 y\u0131l\u0131ndan itibaren \u015fehir merkezinde olan Dede Kafe b\u00fcnyesindeki m\u00fcstakil bir mekanda hizmet vermektedir.<br \/>\n2013 y\u0131l\u0131 itibariyle 104 adet \u00fcyemiz mevcuttur. Bri\u00e7e g\u00f6n\u00fcl vermi\u015f herkes kul\u00fcb\u00fcm\u00fcze \u00fcye olabilir. \u00dcyelik ba\u015fvurusu i\u00e7in herhangi bir pe\u015finat al\u0131nmamaktad\u0131r. Sadece ayl\u0131k aidat \u00f6demesi yap\u0131lmaktad\u0131r.<\/p>\n<p><strong>Misyonumuz;<\/strong><br \/>\nKul\u00fcp i\u00e7i, b\u00f6lgesel ve ulusal boyutlu turnuvalara ev sahipli\u011fi yapmak, farkl\u0131 yerlerden gelen sporculara \u015fehrimizi tan\u0131tmak; onlar\u0131 en iyi \u015fekilde a\u011f\u0131rlamak.<br \/>\nBri\u00e7 sporcular\u0131 i\u00e7in s\u00fcrekli e\u011fitim ortam\u0131 olu\u015fturmak ve yeteneklerini geli\u015ftirebilecekleri organizasyonlar\u0131 d\u00fczenlemek.<br \/>\nGen\u00e7 sporculara y\u00f6nelik Karadeniz Teknik \u00dcniversitesinde bri\u00e7 derslerinin ba\u015flat\u0131lmas\u0131 i\u00e7in her t\u00fcrl\u00fc giri\u015fimi ve \u00e7al\u0131\u015fmay\u0131 yapmak.<br \/>\nBri\u00e7 camias\u0131na yeni sporcular kazand\u0131rmak amac\u0131yla kul\u00fcp b\u00fcnyemizde her t\u00fcrl\u00fc bri\u00e7 etkinli\u011fini organize etmek.<br \/>\n\u00dcyelerimiz aras\u0131nda soysal faaliyetler arac\u0131l\u0131\u011f\u0131 ile kayna\u015fmay\u0131 sa\u011flamak.<\/p>\n","protected":false},"excerpt":{"rendered":"<p>Trabzon Bri\u00e7 Spor Kul\u00fcb\u00fc Derne\u011fi 2005 y\u0131l\u0131nda Necmettin Soysal ba\u015fkanl\u0131\u011f\u0131nda kurulmu\u015ftur. Kurulu\u015f amac\u0131 bri\u00e7 sporunu tan\u0131tmak, yayg\u0131nla\u015ft\u0131rmak ve her ya\u015ftan oyunculara ho\u015f\u00e7a vakit ge\u00e7irebilecekleri sportif rekabete dayal\u0131 bir ortam sa\u011flamakt\u0131r. Kul\u00fcb\u00fcm\u00fcz 2011 y\u0131l\u0131ndan beri Karadeniz&#8217;in Kul\u00fcp binas\u0131nda faaliyetlerine devam etmi\u015f olup ; 2016 y\u0131l\u0131ndan itibaren \u015fehir merkezinde olan Dede Kafe b\u00fcnyesindeki m\u00fcstakil bir mekanda hizmet&hellip;&nbsp;<a href=\"https:\/\/www.trabzonbrickulubu.com.tr\/?page_id=993\" rel=\"bookmark\">Daha fazlas\u0131n\u0131 oku &raquo;<span class=\"screen-reader-text\">Tarih\u00e7emiz<\/span><\/a><\/p>\n","protected":false},"author":1,"featured_media":0,"parent":0,"menu_order":0,"comment_status":"closed","ping_status":"closed","template":"","meta":{"neve_meta_sidebar":"","neve_meta_container":"","neve_meta_enable_content_width":"off","neve_meta_content_width":100,"neve_meta_title_alignment":"","neve_meta_author_avatar":"","neve_post_elements_order":"","neve_meta_disable_header":"","neve_meta_disable_footer":"","neve_meta_disable_title":"","_themeisle_gutenberg_block_has_review":false,"footnotes":""},"class_list":["post-993","page","type-page","status-publish","hentry"],"_links":{"self":[{"href":"https:\/\/www.trabzonbrickulubu.com.tr\/index.php?rest_route=\/wp\/v2\/pages\/993","targetHints":{"allow":["GET"]}}],"collection":[{"href":"https:\/\/www.trabzonbrickulubu.com.tr\/index.php?rest_route=\/wp\/v2\/pages"}],"about":[{"href":"https:\/\/www.trabzonbrickulubu.com.tr\/index.php?rest_route=\/wp\/v2\/types\/page"}],"author":[{"embeddable":true,"href":"https:\/\/www.trabzonbrickulubu.com.tr\/index.php?rest_route=\/wp\/v2\/users\/1"}],"replies":[{"embeddable":true,"href":"https:\/\/www.trabzonbrickulubu.com.tr\/index.php?rest_route=%2Fwp%2Fv2%2Fcomments&post=993"}],"version-history":[{"count":1,"href":"https:\/\/www.trabzonbrickulubu.com.tr\/index.php?rest_route=\/wp\/v2\/pages\/993\/revisions"}],"predecessor-version":[{"id":995,"href":"https:\/\/www.trabzonbrickulubu.com.tr\/index.php?rest_route=\/wp\/v2\/pages\/993\/revisions\/995"}],"wp:attachment":[{"href":"https:\/\/www.trabzonbrickulubu.com.tr\/index.php?rest_route=%2Fwp%2Fv2%2Fmedia&parent=993"}],"curies":[{"name":"wp","href":"https:\/\/api.w.org\/{rel}","templated":true}]}}